{"id":2171,"date":"2020-11-24T12:16:22","date_gmt":"2020-11-24T12:16:22","guid":{"rendered":"https:\/\/b-acis.pt\/?post_type=miewblock&#038;p=2171"},"modified":"2022-07-11T17:55:51","modified_gmt":"2022-07-11T16:55:51","slug":"stop-by-to-say-hello","status":"publish","type":"miewblock","link":"https:\/\/b-acis.pt\/pt-pt\/?miewblock=stop-by-to-say-hello","title":{"rendered":"Stop by to say hello"},"content":{"rendered":"<p>[vc_row unlock_row_content=&#8221;yes&#8221; row_height_percent=&#8221;0&#8243; columns_gutter=&#8221;&#8221; override_padding=&#8221;yes&#8221; h_padding=&#8221;0&#8243; top_padding=&#8221;0&#8243; bottom_padding=&#8221;0&#8243; shift_y=&#8221;0&#8243; z_index=&#8221;0&#8243;][vc_column width=&#8221;2\/3&#8243;][vc_row_inner row_height_percent=&#8221;0&#8243; override_padding=&#8221;yes&#8221; h_padding=&#8221;0&#8243; top_padding=&#8221;3&#8243; bottom_padding=&#8221;2&#8243; back_image=&#8221;149&#8243; shift_y=&#8221;0&#8243; z_index=&#8221;0&#8243; overlay_color=&#8221;rgba(0,0,0,0.6)&#8221; row_height_pixel=&#8221;75%&#8221;][vc_column_inner width=&#8221;1\/6&#8243;][\/vc_column_inner][vc_column_inner position_horizontal=&#8221;&#8221; style=&#8221;dark&#8221; mobile_width=&#8221;0&#8243; shift_x=&#8221;0&#8243; shift_y=&#8221;0&#8243; z_index=&#8221;0&#8243; width=&#8221;5\/6&#8243;][vc_custom_heading heading_semantic=&#8221;div&#8221; text_size=&#8221;h6&#8243; el_class=&#8221;mt-adapt-3&#8243;]Braga, Portugal[\/vc_custom_heading][vc_custom_heading text_weight=&#8221;font-weight-bold&#8221; el_class=&#8221;mt-adapt-12&#8243;]Visite-nos<span style=\"color: #e40050;\">.<\/span>[\/vc_custom_heading][\/vc_column_inner][\/vc_row_inner][vc_row_inner row_height_percent=&#8221;0&#8243; override_padding=&#8221;yes&#8221; h_padding=&#8221;0&#8243; top_padding=&#8221;2&#8243; bottom_padding=&#8221;3&#8243; shift_y=&#8221;0&#8243; z_index=&#8221;0&#8243; row_height_pixel=&#8221;25%&#8221;][vc_column_inner width=&#8221;1\/6&#8243;][\/vc_column_inner][vc_column_inner width=&#8221;1\/3&#8243;][vc_column_text el_class=&#8221;mt-adapt-4&#8243;]<strong>Contacto<\/strong>[\/vc_column_text][vc_custom_heading heading_semantic=&#8221;div&#8221; text_size=&#8221;h6&#8243; el_class=&#8221;mt-adapt-3&#8243;]<a href=\"mailto:geral@b-acis.pt\">geral@b-acis.pt<\/a><br \/>\n<a href=\"tel:253 604 830\">253 604 830<\/a>[\/vc_custom_heading][\/vc_column_inner][vc_column_inner width=&#8221;1\/3&#8243;][vc_column_text el_class=&#8221;mt-adapt-4&#8243;]<strong>Visitar<\/strong>[\/vc_column_text][vc_custom_heading heading_semantic=&#8221;div&#8221; text_size=&#8221;h6&#8243; el_class=&#8221;mt-adapt-3&#8243;]Instituto de Investiga\u00e7\u00e3o em Ci\u00eancias da Vida e Sa\u00fade<br \/>\nCampus de Gualtar, Universidade do Minho<br \/>\n4710-057 Braga, Portugal[\/vc_custom_heading][\/vc_column_inner][vc_column_inner width=&#8221;1\/6&#8243;][\/vc_column_inner][\/vc_row_inner][\/vc_column][vc_column position_horizontal=&#8221;&#8221; back_image=&#8221;43&#8243; mobile_width=&#8221;0&#8243; shift_x=&#8221;0&#8243; shift_y=&#8221;0&#8243; z_index=&#8221;0&#8243; width=&#8221;1\/3&#8243;][\/vc_column][\/vc_row]<\/p>\n","protected":false},"author":1,"parent":0,"template":"","class_list":["post-2171","miewblock","type-miewblock","status-publish","hentry"],"yoast_head":"<!-- This site is optimized with the Yoast SEO plugin v27.0 - https:\/\/yoast.com\/product\/yoast-seo-wordpress\/ -->\n<title>Stop by to say hello - B.ACIS \u2013 Center for Health Innovation<\/title>\n<meta name=\"robots\" content=\"index, follow, max-snippet:-1, max-image-preview:large, max-video-preview:-1\" \/>\n<link rel=\"canonical\" href=\"https:\/\/b-acis.pt\/pt-pt\/?miewblock=stop-by-to-say-hello\" \/>\n<meta property=\"og:locale\" content=\"pt_PT\" \/>\n<meta property=\"og:type\" content=\"article\" \/>\n<meta property=\"og:title\" content=\"Stop by to say hello - B.ACIS \u2013 Center for Health Innovation\" \/>\n<meta property=\"og:description\" content=\"[vc_row unlock_row_content=&#8221;yes&#8221; row_height_percent=&#8221;0&#8243; columns_gutter=&#8221;&#8221; override_padding=&#8221;yes&#8221; h_padding=&#8221;0&#8243; top_padding=&#8221;0&#8243; bottom_padding=&#8221;0&#8243; shift_y=&#8221;0&#8243; z_index=&#8221;0&#8243;][vc_column width=&#8221;2\/3&#8243;][vc_row_inner row_height_percent=&#8221;0&#8243; override_padding=&#8221;yes&#8221; h_padding=&#8221;0&#8243; top_padding=&#8221;3&#8243; bottom_padding=&#8221;2&#8243; back_image=&#8221;149&#8243; shift_y=&#8221;0&#8243; z_index=&#8221;0&#8243; overlay_color=&#8221;rgba(0,0,0,0.6)&#8221; row_height_pixel=&#8221;75%&#8221;][vc_column_inner width=&#8221;1\/6&#8243;][\/vc_column_inner][vc_column_inner position_horizontal=&#8221;&#8221; style=&#8221;dark&#8221; mobile_width=&#8221;0&#8243; shift_x=&#8221;0&#8243; shift_y=&#8221;0&#8243; z_index=&#8221;0&#8243; width=&#8221;5\/6&#8243;][vc_custom_heading heading_semantic=&#8221;div&#8221; text_size=&#8221;h6&#8243; el_class=&#8221;mt-adapt-3&#8243;]Braga, Portugal[\/vc_custom_heading][vc_custom_heading text_weight=&#8221;font-weight-bold&#8221; el_class=&#8221;mt-adapt-12&#8243;]Visite-nos.[\/vc_custom_heading][\/vc_column_inner][\/vc_row_inner][vc_row_inner row_height_percent=&#8221;0&#8243; override_padding=&#8221;yes&#8221; h_padding=&#8221;0&#8243; top_padding=&#8221;2&#8243; bottom_padding=&#8221;3&#8243; shift_y=&#8221;0&#8243; z_index=&#8221;0&#8243; row_height_pixel=&#8221;25%&#8221;][vc_column_inner width=&#8221;1\/6&#8243;][\/vc_column_inner][vc_column_inner width=&#8221;1\/3&#8243;][vc_column_text el_class=&#8221;mt-adapt-4&#8243;]Contacto[\/vc_column_text][vc_custom_heading heading_semantic=&#8221;div&#8221; text_size=&#8221;h6&#8243; el_class=&#8221;mt-adapt-3&#8243;]geral@b-acis.pt 253 604 830[\/vc_custom_heading][\/vc_column_inner][vc_column_inner width=&#8221;1\/3&#8243;][vc_column_text el_class=&#8221;mt-adapt-4&#8243;]Visitar[\/vc_column_text][vc_custom_heading heading_semantic=&#8221;div&#8221; [&hellip;]\" \/>\n<meta property=\"og:url\" content=\"https:\/\/b-acis.pt\/pt-pt\/?miewblock=stop-by-to-say-hello\" \/>\n<meta property=\"og:site_name\" content=\"B.ACIS \u2013 Center for Health Innovation\" \/>\n<meta property=\"article:modified_time\" content=\"2022-07-11T16:55:51+00:00\" \/>\n<meta name=\"twitter:card\" content=\"summary_large_image\" \/>\n<meta name=\"twitter:label1\" content=\"Tempo estimado de leitura\" \/>\n\t<meta name=\"twitter:data1\" content=\"1 minuto\" \/>\n<script type=\"application\/ld+json\" class=\"yoast-schema-graph\">{\"@context\":\"https:\/\/schema.org\",\"@graph\":[{\"@type\":\"WebPage\",\"@id\":\"https:\/\/b-acis.pt\/pt-pt\/?miewblock=stop-by-to-say-hello\",\"url\":\"https:\/\/b-acis.pt\/pt-pt\/?miewblock=stop-by-to-say-hello\",\"name\":\"Stop by to say hello - B.ACIS \u2013 Center for Health Innovation\",\"isPartOf\":{\"@id\":\"https:\/\/b-acis.pt\/pt-pt\/#website\"},\"datePublished\":\"2020-11-24T12:16:22+00:00\",\"dateModified\":\"2022-07-11T16:55:51+00:00\",\"breadcrumb\":{\"@id\":\"https:\/\/b-acis.pt\/pt-pt\/?miewblock=stop-by-to-say-hello#breadcrumb\"},\"inLanguage\":\"pt-PT\",\"potentialAction\":[{\"@type\":\"ReadAction\",\"target\":[\"https:\/\/b-acis.pt\/pt-pt\/?miewblock=stop-by-to-say-hello\"]}]},{\"@type\":\"BreadcrumbList\",\"@id\":\"https:\/\/b-acis.pt\/pt-pt\/?miewblock=stop-by-to-say-hello#breadcrumb\",\"itemListElement\":[{\"@type\":\"ListItem\",\"position\":1,\"name\":\"Home\",\"item\":\"https:\/\/b-acis.pt\/pt-pt\/\"},{\"@type\":\"ListItem\",\"position\":2,\"name\":\"Stop by to say hello\"}]},{\"@type\":\"WebSite\",\"@id\":\"https:\/\/b-acis.pt\/pt-pt\/#website\",\"url\":\"https:\/\/b-acis.pt\/pt-pt\/\",\"name\":\"B.ACIS \u2013 Center for Health Innovation\",\"description\":\"A B\u2019ACIS \u2013 Associa\u00e7\u00e3o Ci\u00eancia, Inova\u00e7\u00e3o e Sa\u00fade \u2013 Braga \u00e9 uma associa\u00e7\u00e3o de direito privado, sem fins lucrativos, constitu\u00edda em dezembro de 2018, que resulta de uma parceria entre a Universidade do Minho (UMinho), atrav\u00e9s da Escola de Medicina (EM) e do seu Instituto de Investiga\u00e7\u00e3o em Ci\u00eancias da Vida e Sa\u00fade (ICVS), e a Alumni Medicina \u2013 N\u00facleo de Antigos Estudantes de Medicina da Universidade do Minho, a qual tem por objetivo o incremento do conhecimento cient\u00edfico e a promo\u00e7\u00e3o da inova\u00e7\u00e3o atrav\u00e9s do fomento de atividades cient\u00edficotecnol\u00f3gicas no \u00e2mbito das Ci\u00eancias da Vida e Sa\u00fade.\",\"publisher\":{\"@id\":\"https:\/\/b-acis.pt\/pt-pt\/#organization\"},\"potentialAction\":[{\"@type\":\"SearchAction\",\"target\":{\"@type\":\"EntryPoint\",\"urlTemplate\":\"https:\/\/b-acis.pt\/pt-pt\/?s={search_term_string}\"},\"query-input\":{\"@type\":\"PropertyValueSpecification\",\"valueRequired\":true,\"valueName\":\"search_term_string\"}}],\"inLanguage\":\"pt-PT\"},{\"@type\":\"Organization\",\"@id\":\"https:\/\/b-acis.pt\/pt-pt\/#organization\",\"name\":\"B\u2019ACIS \u2013 Associa\u00e7\u00e3o Ci\u00eancia, Inova\u00e7\u00e3o e Sa\u00fade\",\"url\":\"https:\/\/b-acis.pt\/pt-pt\/\",\"logo\":{\"@type\":\"ImageObject\",\"inLanguage\":\"pt-PT\",\"@id\":\"https:\/\/b-acis.pt\/pt-pt\/#\/schema\/logo\/image\/\",\"url\":\"https:\/\/b-acis.pt\/wp-content\/uploads\/2021\/02\/logo_purple.svg\",\"contentUrl\":\"https:\/\/b-acis.pt\/wp-content\/uploads\/2021\/02\/logo_purple.svg\",\"width\":1,\"height\":1,\"caption\":\"B\u2019ACIS \u2013 Associa\u00e7\u00e3o Ci\u00eancia, Inova\u00e7\u00e3o e Sa\u00fade\"},\"image\":{\"@id\":\"https:\/\/b-acis.pt\/pt-pt\/#\/schema\/logo\/image\/\"},\"sameAs\":[\"https:\/\/www.linkedin.com\/company\/bacis-center-for-health-innovation\"]}]}<\/script>\n<!-- \/ Yoast SEO plugin. -->","yoast_head_json":{"title":"Stop by to say hello - B.ACIS \u2013 Center for Health Innovation","robots":{"index":"index","follow":"follow","max-snippet":"max-snippet:-1","max-image-preview":"max-image-preview:large","max-video-preview":"max-video-preview:-1"},"canonical":"https:\/\/b-acis.pt\/pt-pt\/?miewblock=stop-by-to-say-hello","og_locale":"pt_PT","og_type":"article","og_title":"Stop by to say hello - B.ACIS \u2013 Center for Health Innovation","og_description":"[vc_row unlock_row_content=&#8221;yes&#8221; row_height_percent=&#8221;0&#8243; columns_gutter=&#8221;&#8221; override_padding=&#8221;yes&#8221; h_padding=&#8221;0&#8243; top_padding=&#8221;0&#8243; bottom_padding=&#8221;0&#8243; shift_y=&#8221;0&#8243; z_index=&#8221;0&#8243;][vc_column width=&#8221;2\/3&#8243;][vc_row_inner row_height_percent=&#8221;0&#8243; override_padding=&#8221;yes&#8221; h_padding=&#8221;0&#8243; top_padding=&#8221;3&#8243; bottom_padding=&#8221;2&#8243; back_image=&#8221;149&#8243; shift_y=&#8221;0&#8243; z_index=&#8221;0&#8243; overlay_color=&#8221;rgba(0,0,0,0.6)&#8221; row_height_pixel=&#8221;75%&#8221;][vc_column_inner width=&#8221;1\/6&#8243;][\/vc_column_inner][vc_column_inner position_horizontal=&#8221;&#8221; style=&#8221;dark&#8221; mobile_width=&#8221;0&#8243; shift_x=&#8221;0&#8243; shift_y=&#8221;0&#8243; z_index=&#8221;0&#8243; width=&#8221;5\/6&#8243;][vc_custom_heading heading_semantic=&#8221;div&#8221; text_size=&#8221;h6&#8243; el_class=&#8221;mt-adapt-3&#8243;]Braga, Portugal[\/vc_custom_heading][vc_custom_heading text_weight=&#8221;font-weight-bold&#8221; el_class=&#8221;mt-adapt-12&#8243;]Visite-nos.[\/vc_custom_heading][\/vc_column_inner][\/vc_row_inner][vc_row_inner row_height_percent=&#8221;0&#8243; override_padding=&#8221;yes&#8221; h_padding=&#8221;0&#8243; top_padding=&#8221;2&#8243; bottom_padding=&#8221;3&#8243; shift_y=&#8221;0&#8243; z_index=&#8221;0&#8243; row_height_pixel=&#8221;25%&#8221;][vc_column_inner width=&#8221;1\/6&#8243;][\/vc_column_inner][vc_column_inner width=&#8221;1\/3&#8243;][vc_column_text el_class=&#8221;mt-adapt-4&#8243;]Contacto[\/vc_column_text][vc_custom_heading heading_semantic=&#8221;div&#8221; text_size=&#8221;h6&#8243; el_class=&#8221;mt-adapt-3&#8243;]geral@b-acis.pt 253 604 830[\/vc_custom_heading][\/vc_column_inner][vc_column_inner width=&#8221;1\/3&#8243;][vc_column_text el_class=&#8221;mt-adapt-4&#8243;]Visitar[\/vc_column_text][vc_custom_heading heading_semantic=&#8221;div&#8221; [&hellip;]","og_url":"https:\/\/b-acis.pt\/pt-pt\/?miewblock=stop-by-to-say-hello","og_site_name":"B.ACIS \u2013 Center for Health Innovation","article_modified_time":"2022-07-11T16:55:51+00:00","twitter_card":"summary_large_image","twitter_misc":{"Tempo estimado de leitura":"1 minuto"},"schema":{"@context":"https:\/\/schema.org","@graph":[{"@type":"WebPage","@id":"https:\/\/b-acis.pt\/pt-pt\/?miewblock=stop-by-to-say-hello","url":"https:\/\/b-acis.pt\/pt-pt\/?miewblock=stop-by-to-say-hello","name":"Stop by to say hello - B.ACIS \u2013 Center for Health Innovation","isPartOf":{"@id":"https:\/\/b-acis.pt\/pt-pt\/#website"},"datePublished":"2020-11-24T12:16:22+00:00","dateModified":"2022-07-11T16:55:51+00:00","breadcrumb":{"@id":"https:\/\/b-acis.pt\/pt-pt\/?miewblock=stop-by-to-say-hello#breadcrumb"},"inLanguage":"pt-PT","potentialAction":[{"@type":"ReadAction","target":["https:\/\/b-acis.pt\/pt-pt\/?miewblock=stop-by-to-say-hello"]}]},{"@type":"BreadcrumbList","@id":"https:\/\/b-acis.pt\/pt-pt\/?miewblock=stop-by-to-say-hello#breadcrumb","itemListElement":[{"@type":"ListItem","position":1,"name":"Home","item":"https:\/\/b-acis.pt\/pt-pt\/"},{"@type":"ListItem","position":2,"name":"Stop by to say hello"}]},{"@type":"WebSite","@id":"https:\/\/b-acis.pt\/pt-pt\/#website","url":"https:\/\/b-acis.pt\/pt-pt\/","name":"B.ACIS \u2013 Center for Health Innovation","description":"A B\u2019ACIS \u2013 Associa\u00e7\u00e3o Ci\u00eancia, Inova\u00e7\u00e3o e Sa\u00fade \u2013 Braga \u00e9 uma associa\u00e7\u00e3o de direito privado, sem fins lucrativos, constitu\u00edda em dezembro de 2018, que resulta de uma parceria entre a Universidade do Minho (UMinho), atrav\u00e9s da Escola de Medicina (EM) e do seu Instituto de Investiga\u00e7\u00e3o em Ci\u00eancias da Vida e Sa\u00fade (ICVS), e a Alumni Medicina \u2013 N\u00facleo de Antigos Estudantes de Medicina da Universidade do Minho, a qual tem por objetivo o incremento do conhecimento cient\u00edfico e a promo\u00e7\u00e3o da inova\u00e7\u00e3o atrav\u00e9s do fomento de atividades cient\u00edficotecnol\u00f3gicas no \u00e2mbito das Ci\u00eancias da Vida e Sa\u00fade.","publisher":{"@id":"https:\/\/b-acis.pt\/pt-pt\/#organization"},"potentialAction":[{"@type":"SearchAction","target":{"@type":"EntryPoint","urlTemplate":"https:\/\/b-acis.pt\/pt-pt\/?s={search_term_string}"},"query-input":{"@type":"PropertyValueSpecification","valueRequired":true,"valueName":"search_term_string"}}],"inLanguage":"pt-PT"},{"@type":"Organization","@id":"https:\/\/b-acis.pt\/pt-pt\/#organization","name":"B\u2019ACIS \u2013 Associa\u00e7\u00e3o Ci\u00eancia, Inova\u00e7\u00e3o e Sa\u00fade","url":"https:\/\/b-acis.pt\/pt-pt\/","logo":{"@type":"ImageObject","inLanguage":"pt-PT","@id":"https:\/\/b-acis.pt\/pt-pt\/#\/schema\/logo\/image\/","url":"https:\/\/b-acis.pt\/wp-content\/uploads\/2021\/02\/logo_purple.svg","contentUrl":"https:\/\/b-acis.pt\/wp-content\/uploads\/2021\/02\/logo_purple.svg","width":1,"height":1,"caption":"B\u2019ACIS \u2013 Associa\u00e7\u00e3o Ci\u00eancia, Inova\u00e7\u00e3o e Sa\u00fade"},"image":{"@id":"https:\/\/b-acis.pt\/pt-pt\/#\/schema\/logo\/image\/"},"sameAs":["https:\/\/www.linkedin.com\/company\/bacis-center-for-health-innovation"]}]}},"_links":{"self":[{"href":"https:\/\/b-acis.pt\/pt-pt\/wp-json\/wp\/v2\/miewblock\/2171","targetHints":{"allow":["GET"]}}],"collection":[{"href":"https:\/\/b-acis.pt\/pt-pt\/wp-json\/wp\/v2\/miewblock"}],"about":[{"href":"https:\/\/b-acis.pt\/pt-pt\/wp-json\/wp\/v2\/types\/miewblock"}],"author":[{"embeddable":true,"href":"https:\/\/b-acis.pt\/pt-pt\/wp-json\/wp\/v2\/users\/1"}],"version-history":[{"count":3,"href":"https:\/\/b-acis.pt\/pt-pt\/wp-json\/wp\/v2\/miewblock\/2171\/revisions"}],"predecessor-version":[{"id":2318,"href":"https:\/\/b-acis.pt\/pt-pt\/wp-json\/wp\/v2\/miewblock\/2171\/revisions\/2318"}],"wp:attachment":[{"href":"https:\/\/b-acis.pt\/pt-pt\/wp-json\/wp\/v2\/media?parent=2171"}],"curies":[{"name":"wp","href":"https:\/\/api.w.org\/{rel}","templated":true}]}}